{"id":27,"date":"2022-05-10T16:20:05","date_gmt":"2022-05-10T19:20:05","guid":{"rendered":"https:\/\/jfreguesiavimeiro.pt\/?page_id=27"},"modified":"2025-10-02T12:40:38","modified_gmt":"2025-10-02T11:40:38","slug":"autarquia","status":"publish","type":"page","link":"https:\/\/jfreguesiavimeiro.pt\/?page_id=27","title":{"rendered":"Autarquia"},"content":{"rendered":"\n<h2 class=\"wp-block-heading has-text-align-center\">Editais<\/h2>\n\n\n\n<hr class=\"wp-block-separator has-alpha-channel-opacity\"\/>\n\n\n\n<p><\/p>\n\n\n\n<p><\/p>\n\n\n\n<div class=\"wp-block-columns is-layout-flex wp-container-core-columns-is-layout-9d6595d7 wp-block-columns-is-layout-flex\">\n<div class=\"wp-block-column is-layout-flow wp-block-column-is-layout-flow\" style=\"flex-basis:100%\">\n<figure class=\"wp-block-table is-style-stripes has-medium-font-size\"><table><thead><tr><th class=\"has-text-align-left\" data-align=\"left\">Relat\u00f3rio de contas do ano 2024 da Junta Freguesia do\u00a0Vimeiro<\/th><\/tr><\/thead><tbody><tr><td class=\"has-text-align-left\" data-align=\"left\">Relat\u00f3rio de contas do ano 2024 da Junta Freguesia do Vimeiro<\/td><\/tr><\/tbody><\/table><\/figure>\n\n\n\n<div class=\"wp-block-file\"><a id=\"wp-block-file--media-72789edb-f2e5-4505-b173-46b6f7353294\" href=\"https:\/\/jfreguesiavimeiro.pt\/wp-content\/uploads\/2025\/10\/RELATORIO-CONTAS-2024.pdf\">RELATORIO CONTAS 2024<\/a><a href=\"https:\/\/jfreguesiavimeiro.pt\/wp-content\/uploads\/2025\/10\/RELATORIO-CONTAS-2024.pdf\" class=\"wp-block-file__button wp-element-button\" download aria-describedby=\"wp-block-file--media-72789edb-f2e5-4505-b173-46b6f7353294\">Baixar<\/a><\/div>\n\n\n\n<figure class=\"wp-block-table is-style-stripes has-medium-font-size\"><table><thead><tr><th class=\"has-text-align-left\" data-align=\"left\">C<strong>oncursos Pessoal &#8211; Procedimento Concursal 30 Setembro 202<\/strong>5<\/th><\/tr><\/thead><tbody><tr><td class=\"has-text-align-left\" data-align=\"left\">Procedimentos concursais comuns para ocupa\u00e7\u00e3o de 1 posto de trabalho, previsto e n\u00e3o ocupados no Mapa de Pessoal da Freguesia de Vimeiro na modalidade de contrato de trabalho em fun\u00e7\u00f5es p\u00fablicas na \u00e1rea de assistente operacional (Ref.\u00aa B).<\/td><\/tr><\/tbody><\/table><\/figure>\n<\/div>\n<\/div>\n\n\n\n<div class=\"wp-block-columns is-layout-flex wp-container-core-columns-is-layout-9d6595d7 wp-block-columns-is-layout-flex\">\n<div class=\"wp-block-column is-layout-flow wp-block-column-is-layout-flow\">\n<div class=\"wp-block-file\"><a id=\"wp-block-file--media-537f425b-1f16-4b48-a3a3-a5afd03b4fa0\" href=\"https:\/\/jfreguesiavimeiro.pt\/wp-content\/uploads\/2025\/10\/AvisoBEP_RefB-TRATORISTA.pdf\">AvisoBEP_RefB TRATORISTA<\/a><a href=\"https:\/\/jfreguesiavimeiro.pt\/wp-content\/uploads\/2025\/10\/AvisoBEP_RefB-TRATORISTA.pdf\" class=\"wp-block-file__button wp-element-button\" download aria-describedby=\"wp-block-file--media-537f425b-1f16-4b48-a3a3-a5afd03b4fa0\">Baixar<\/a><\/div>\n\n\n\n<div class=\"wp-block-file\"><a id=\"wp-block-file--media-abe764a9-4821-4feb-b2d0-85cd0ba35430\" href=\"https:\/\/jfreguesiavimeiro.pt\/wp-content\/uploads\/2025\/10\/AvisoDR.pdf\">AvisoDR<\/a><a href=\"https:\/\/jfreguesiavimeiro.pt\/wp-content\/uploads\/2025\/10\/AvisoDR.pdf\" class=\"wp-block-file__button wp-element-button\" download aria-describedby=\"wp-block-file--media-abe764a9-4821-4feb-b2d0-85cd0ba35430\">Baixar<\/a><\/div>\n\n\n\n<div class=\"wp-block-file\"><a id=\"wp-block-file--media-ab16fde0-4fe6-443d-8225-4f74c7e91671\" href=\"https:\/\/jfreguesiavimeiro.pt\/wp-content\/uploads\/2025\/10\/Ficha-Av-Curr-Tratorista.pdf\">Ficha Av Curr Tratorista<\/a><a href=\"https:\/\/jfreguesiavimeiro.pt\/wp-content\/uploads\/2025\/10\/Ficha-Av-Curr-Tratorista.pdf\" class=\"wp-block-file__button wp-element-button\" download aria-describedby=\"wp-block-file--media-ab16fde0-4fe6-443d-8225-4f74c7e91671\">Baixar<\/a><\/div>\n\n\n\n<div class=\"wp-block-file\"><a id=\"wp-block-file--media-507a3439-d6c0-4f85-bd77-9cc8a200e31c\" href=\"https:\/\/jfreguesiavimeiro.pt\/wp-content\/uploads\/2025\/10\/AnexoII_PerfilCompetencias_ServicosExteriores-Tratorista.pdf\">AnexoII_PerfilCompet\u00eancias_Servi\u00e7osExteriores-Tratorista<\/a><a href=\"https:\/\/jfreguesiavimeiro.pt\/wp-content\/uploads\/2025\/10\/AnexoII_PerfilCompetencias_ServicosExteriores-Tratorista.pdf\" class=\"wp-block-file__button wp-element-button\" download aria-describedby=\"wp-block-file--media-507a3439-d6c0-4f85-bd77-9cc8a200e31c\">Baixar<\/a><\/div>\n\n\n\n<div class=\"wp-block-file\"><a id=\"wp-block-file--media-0fdaed30-59af-40f1-8dd7-a256bf732a5c\" href=\"https:\/\/jfreguesiavimeiro.pt\/wp-content\/uploads\/2025\/10\/ATA-1-2025.pdf\">ATA 1 2025<\/a><a href=\"https:\/\/jfreguesiavimeiro.pt\/wp-content\/uploads\/2025\/10\/ATA-1-2025.pdf\" class=\"wp-block-file__button wp-element-button\" download aria-describedby=\"wp-block-file--media-0fdaed30-59af-40f1-8dd7-a256bf732a5c\">Baixar<\/a><\/div>\n\n\n\n<div class=\"wp-block-file\"><a id=\"wp-block-file--media-0464b71a-c749-4353-963c-e5b184128c97\" href=\"https:\/\/jfreguesiavimeiro.pt\/wp-content\/uploads\/2025\/10\/FORMULARIO-CANDIDATURA.docx\">FORMULARIO CANDIDATURA<\/a><a href=\"https:\/\/jfreguesiavimeiro.pt\/wp-content\/uploads\/2025\/10\/FORMULARIO-CANDIDATURA.docx\" class=\"wp-block-file__button wp-element-button\" download aria-describedby=\"wp-block-file--media-0464b71a-c749-4353-963c-e5b184128c97\">Baixar<\/a><\/div>\n<\/div>\n<\/div>\n\n\n\n<div class=\"wp-block-columns is-layout-flex wp-container-core-columns-is-layout-9d6595d7 wp-block-columns-is-layout-flex\">\n<div class=\"wp-block-column is-layout-flow wp-block-column-is-layout-flow\" style=\"flex-basis:100%\">\n<figure class=\"wp-block-table is-style-stripes has-medium-font-size\"><table><thead><tr><th class=\"has-text-align-left\" data-align=\"left\">C<strong>oncursos Pessoal &#8211; Procedimento Concursal 30 Setembro 2025<\/strong><\/th><\/tr><\/thead><tbody><tr><td class=\"has-text-align-left\" data-align=\"left\">Procedimentos concursais comuns para ocupa\u00e7\u00e3o de 1 posto de trabalho, previsto e n\u00e3o ocupados no Mapa de Pessoal da Freguesia de Vimeiro na modalidade de contrato de trabalho em fun\u00e7\u00f5es p\u00fablicas na \u00e1rea de assistente t\u00e9cnico (Ref.\u00aa A).<\/td><\/tr><\/tbody><\/table><\/figure>\n<\/div>\n<\/div>\n\n\n\n<div class=\"wp-block-columns is-layout-flex wp-container-core-columns-is-layout-9d6595d7 wp-block-columns-is-layout-flex\">\n<div class=\"wp-block-column is-layout-flow wp-block-column-is-layout-flow\">\n<div class=\"wp-block-file\"><a id=\"wp-block-file--media-bc4dca96-3edf-4fd9-8e37-1655351b4ae7\" href=\"https:\/\/jfreguesiavimeiro.pt\/wp-content\/uploads\/2025\/10\/AvisoBEP_RefA-COVEIRO.pdf\">AvisoBEP_RefA COVEIRO<\/a><a href=\"https:\/\/jfreguesiavimeiro.pt\/wp-content\/uploads\/2025\/10\/AvisoBEP_RefA-COVEIRO.pdf\" class=\"wp-block-file__button wp-element-button\" download aria-describedby=\"wp-block-file--media-bc4dca96-3edf-4fd9-8e37-1655351b4ae7\">Baixar<\/a><\/div>\n\n\n\n<div class=\"wp-block-file\"><a id=\"wp-block-file--media-7b4722ec-c1ea-4444-98a0-9d637f7b95a9\" href=\"https:\/\/jfreguesiavimeiro.pt\/wp-content\/uploads\/2025\/10\/AvisoDR.pdf\">AvisoDR<\/a><a href=\"https:\/\/jfreguesiavimeiro.pt\/wp-content\/uploads\/2025\/10\/AvisoDR.pdf\" class=\"wp-block-file__button wp-element-button\" download aria-describedby=\"wp-block-file--media-7b4722ec-c1ea-4444-98a0-9d637f7b95a9\">Baixar<\/a><\/div>\n\n\n\n<div class=\"wp-block-file\"><a id=\"wp-block-file--media-afe43657-8c99-4b41-9944-73b17a099eee\" href=\"https:\/\/jfreguesiavimeiro.pt\/wp-content\/uploads\/2025\/10\/Ficha-Av-Curric-Coveiro.pdf\">Ficha Av Curric Coveiro<\/a><a href=\"https:\/\/jfreguesiavimeiro.pt\/wp-content\/uploads\/2025\/10\/Ficha-Av-Curric-Coveiro.pdf\" class=\"wp-block-file__button wp-element-button\" download aria-describedby=\"wp-block-file--media-afe43657-8c99-4b41-9944-73b17a099eee\">Baixar<\/a><\/div>\n\n\n\n<div class=\"wp-block-file\"><a id=\"wp-block-file--media-d2f46fd6-2a6a-4516-a154-56616762e260\" href=\"https:\/\/jfreguesiavimeiro.pt\/wp-content\/uploads\/2025\/10\/AnexoI_PerfilCompetencias_ServicosExteriores-Coveiro.pdf\">AnexoI_PerfilCompet\u00eancias_Servi\u00e7osExteriores-Coveiro<\/a><a href=\"https:\/\/jfreguesiavimeiro.pt\/wp-content\/uploads\/2025\/10\/AnexoI_PerfilCompetencias_ServicosExteriores-Coveiro.pdf\" class=\"wp-block-file__button wp-element-button\" download aria-describedby=\"wp-block-file--media-d2f46fd6-2a6a-4516-a154-56616762e260\">Baixar<\/a><\/div>\n\n\n\n<div class=\"wp-block-file\"><a id=\"wp-block-file--media-f65e0fa1-1e1f-496d-9fa0-fcef8827c966\" href=\"https:\/\/jfreguesiavimeiro.pt\/wp-content\/uploads\/2025\/10\/ATA-1-2025.pdf\">ATA 1 2025<\/a><a href=\"https:\/\/jfreguesiavimeiro.pt\/wp-content\/uploads\/2025\/10\/ATA-1-2025.pdf\" class=\"wp-block-file__button wp-element-button\" download aria-describedby=\"wp-block-file--media-f65e0fa1-1e1f-496d-9fa0-fcef8827c966\">Baixar<\/a><\/div>\n\n\n\n<div class=\"wp-block-file\"><a id=\"wp-block-file--media-4125a9d3-2946-4815-8809-b85ec90fc6f9\" href=\"https:\/\/jfreguesiavimeiro.pt\/wp-content\/uploads\/2025\/10\/FORMULARIO-CANDIDATURA.docx\">FORMULARIO CANDIDATURA<\/a><a href=\"https:\/\/jfreguesiavimeiro.pt\/wp-content\/uploads\/2025\/10\/FORMULARIO-CANDIDATURA.docx\" class=\"wp-block-file__button wp-element-button\" download aria-describedby=\"wp-block-file--media-4125a9d3-2946-4815-8809-b85ec90fc6f9\">Baixar<\/a><\/div>\n<\/div>\n<\/div>\n\n\n\n<div class=\"wp-block-columns is-layout-flex wp-container-core-columns-is-layout-9d6595d7 wp-block-columns-is-layout-flex\">\n<div class=\"wp-block-column is-layout-flow wp-block-column-is-layout-flow\" style=\"flex-basis:100%\">\n<figure class=\"wp-block-table is-style-stripes has-medium-font-size\"><table><thead><tr><th class=\"has-text-align-left\" data-align=\"left\">C<strong>oncursos Pessoal &#8211; Procedimento Concursal 25 Novembro 2022<\/strong><\/th><\/tr><\/thead><tbody><tr><td class=\"has-text-align-left\" data-align=\"left\">Procedimentos concursais comuns para ocupa\u00e7\u00e3o de 1 posto de trabalho, previsto e n\u00e3o ocupados no Mapa de Pessoal da Freguesia de Vimeiro na modalidade de contrato de trabalho em fun\u00e7\u00f5es p\u00fablicas na \u00e1rea de assistente t\u00e9cnico.<\/td><\/tr><\/tbody><\/table><\/figure>\n<\/div>\n<\/div>\n\n\n\n<div class=\"wp-block-columns is-layout-flex wp-container-core-columns-is-layout-9d6595d7 wp-block-columns-is-layout-flex\">\n<div class=\"wp-block-column is-layout-flow wp-block-column-is-layout-flow\"><\/div>\n<\/div>\n\n\n\n<div class=\"wp-block-file\"><a id=\"wp-block-file--media-4297349c-310c-4e29-af7a-c4ee9c3c0956\" href=\"https:\/\/jfreguesiavimeiro.pt\/wp-content\/uploads\/2023\/06\/PROJETO-DA-LUOF.pdf\">PROJETO DA LUOF<\/a><a href=\"https:\/\/jfreguesiavimeiro.pt\/wp-content\/uploads\/2023\/06\/PROJETO-DA-LUOF.pdf\" class=\"wp-block-file__button wp-element-button\" download aria-describedby=\"wp-block-file--media-4297349c-310c-4e29-af7a-c4ee9c3c0956\">Baixar<\/a><\/div>\n\n\n\n<div class=\"wp-block-file\"><a id=\"wp-block-file--media-4297349c-310c-4e29-af7a-c4ee9c3c0956\" href=\"https:\/\/jfreguesiavimeiro.pt\/wp-content\/uploads\/2023\/06\/CLASSIFICACOES-DA-ENTREVISTA-PROF-DE-SELECAO.pdf\">CLASSIFICACOES DA ENTREVISTA PROF DE SELECAO<\/a><a href=\"https:\/\/jfreguesiavimeiro.pt\/wp-content\/uploads\/2023\/06\/CLASSIFICACOES-DA-ENTREVISTA-PROF-DE-SELECAO.pdf\" class=\"wp-block-file__button wp-element-button\" download aria-describedby=\"wp-block-file--media-4297349c-310c-4e29-af7a-c4ee9c3c0956\">Baixar<\/a><\/div>\n\n\n\n<div class=\"wp-block-file\"><a id=\"wp-block-file--media-4297349c-310c-4e29-af7a-c4ee9c3c0956\" href=\"https:\/\/jfreguesiavimeiro.pt\/wp-content\/uploads\/2023\/05\/CLASSIFICACOES-DA-AVALIACAO-PSICOLOGICA.pdf\">CLASSIFICACOES DA AVALIACAO PSICOLOGICA<\/a><a href=\"https:\/\/jfreguesiavimeiro.pt\/wp-content\/uploads\/2023\/05\/CLASSIFICACOES-DA-AVALIACAO-PSICOLOGICA.pdf\" class=\"wp-block-file__button wp-element-button\" download aria-describedby=\"wp-block-file--media-4297349c-310c-4e29-af7a-c4ee9c3c0956\">Baixar<\/a><\/div>\n\n\n\n<div class=\"wp-block-file\"><a id=\"wp-block-file--media-4297349c-310c-4e29-af7a-c4ee9c3c0956\" href=\"https:\/\/jfreguesiavimeiro.pt\/wp-content\/uploads\/2023\/03\/COVOCATORIA-PARA-AVALIACAO-PSICOLOGICA.pdf\">COVOCATORIA PARA AVALIACAO PSICOLOGICA<\/a><a href=\"https:\/\/jfreguesiavimeiro.pt\/wp-content\/uploads\/2023\/03\/COVOCATORIA-PARA-AVALIACAO-PSICOLOGICA.pdf\" class=\"wp-block-file__button wp-element-button\" download aria-describedby=\"wp-block-file--media-4297349c-310c-4e29-af7a-c4ee9c3c0956\">Baixar<\/a><\/div>\n\n\n\n<div class=\"wp-block-file\"><a id=\"wp-block-file--media-4297349c-310c-4e29-af7a-c4ee9c3c0956\" href=\"https:\/\/jfreguesiavimeiro.pt\/wp-content\/uploads\/2023\/05\/CONVOCATORIA-PARA-A-ENTREVISTA-PROF-SELECAO.pdf\">CONVOCATORIA PARA A ENTREVISTA PROF SELECAO<\/a><a href=\"https:\/\/jfreguesiavimeiro.pt\/wp-content\/uploads\/2023\/05\/CONVOCATORIA-PARA-A-ENTREVISTA-PROF-SELECAO.pdf\" class=\"wp-block-file__button wp-element-button\" download aria-describedby=\"wp-block-file--media-4297349c-310c-4e29-af7a-c4ee9c3c0956\">Baixar<\/a><\/div>\n\n\n\n<div class=\"wp-block-file\"><a id=\"wp-block-file--media-4297349c-310c-4e29-af7a-c4ee9c3c0956\" href=\"https:\/\/jfreguesiavimeiro.pt\/wp-content\/uploads\/2023\/02\/6.1-Lista-de-Classificacoes-PC-2.pdf\">6.1 Lista de Classifica\u00e7\u00f5es PC (2)<\/a><a href=\"https:\/\/jfreguesiavimeiro.pt\/wp-content\/uploads\/2023\/02\/6.1-Lista-de-Classificacoes-PC-2.pdf\" class=\"wp-block-file__button wp-element-button\" download aria-describedby=\"wp-block-file--media-4297349c-310c-4e29-af7a-c4ee9c3c0956\">Baixar<\/a><\/div>\n\n\n\n<div class=\"wp-block-file\"><a id=\"wp-block-file--media-4297349c-310c-4e29-af7a-c4ee9c3c0956\" href=\"https:\/\/jfreguesiavimeiro.pt\/wp-content\/uploads\/2022\/11\/FORMULARIO-DE-AUDIENCIA-PREVIA.docx\">FORMULARIO DE AUDIENCIA PREVIA<\/a><a href=\"https:\/\/jfreguesiavimeiro.pt\/wp-content\/uploads\/2022\/11\/FORMULARIO-DE-AUDIENCIA-PREVIA.docx\" class=\"wp-block-file__button wp-element-button\" download aria-describedby=\"wp-block-file--media-4297349c-310c-4e29-af7a-c4ee9c3c0956\">Baixar<\/a><\/div>\n\n\n\n<div class=\"wp-block-file\"><a id=\"wp-block-file--media-6cffa766-6d90-4c08-a5de-b4dded0078f3\" href=\"https:\/\/jfreguesiavimeiro.pt\/wp-content\/uploads\/2022\/12\/INFORMACAO-APLICACAO-DE-MET-DE-SELECAO.pdf\">INFORMACAO APLICACAO DE MET DE SELECAO<\/a><a href=\"https:\/\/jfreguesiavimeiro.pt\/wp-content\/uploads\/2022\/12\/INFORMACAO-APLICACAO-DE-MET-DE-SELECAO.pdf\" class=\"wp-block-file__button wp-element-button\" download aria-describedby=\"wp-block-file--media-6cffa766-6d90-4c08-a5de-b4dded0078f3\">Baixar<\/a><\/div>\n\n\n\n<div class=\"wp-block-file\"><a id=\"wp-block-file--media-fb045065-42b4-4cfa-bdc9-1a95dddec9df\" href=\"https:\/\/jfreguesiavimeiro.pt\/wp-content\/uploads\/2023\/01\/CONVOCATORIA-PARA-A-PROVA-DE-CONHECIMENTOS.pdf\">CONVOCATORIA PARA A PROVA DE CONHECIMENTOS<\/a><a href=\"https:\/\/jfreguesiavimeiro.pt\/wp-content\/uploads\/2023\/01\/CONVOCATORIA-PARA-A-PROVA-DE-CONHECIMENTOS.pdf\" class=\"wp-block-file__button wp-element-button\" download aria-describedby=\"wp-block-file--media-fb045065-42b4-4cfa-bdc9-1a95dddec9df\">Baixar<\/a><\/div>\n\n\n\n<figure class=\"wp-block-table is-style-stripes has-medium-font-size\"><table><thead><tr><th class=\"has-text-align-left\" data-align=\"left\">C<strong>oncursos Pessoal &#8211; Procedimento Concursal 7 Outubro 2022<\/strong><\/th><\/tr><\/thead><tbody><tr><td class=\"has-text-align-left\" data-align=\"left\">Procedimentos concursais comuns para ocupa\u00e7\u00e3o de 1 posto de trabalho, previsto e n\u00e3o ocupados no Mapa de Pessoal da Freguesia de Vimeiro na modalidade de contrato de trabalho em fun\u00e7\u00f5es p\u00fablicas.<\/td><\/tr><\/tbody><\/table><\/figure>\n\n\n\n<div class=\"wp-block-file\"><a id=\"wp-block-file--media-1f744d36-f59b-4550-8150-2418cb10b1d4\" href=\"https:\/\/jfreguesiavimeiro.pt\/wp-content\/uploads\/2022\/10\/ANEXO-DA-ATA-1-FICHA-CURRICULAR.pdf\">ANEXO-DA-ATA-1-FICHA-CURRICULAR<\/a><a href=\"https:\/\/jfreguesiavimeiro.pt\/wp-content\/uploads\/2022\/10\/ANEXO-DA-ATA-1-FICHA-CURRICULAR.pdf\" class=\"wp-block-file__button wp-element-button\" download aria-describedby=\"wp-block-file--media-1f744d36-f59b-4550-8150-2418cb10b1d4\">Baixar<\/a><\/div>\n\n\n\n<div class=\"wp-block-file\"><a id=\"wp-block-file--media-6bff2070-a890-4bab-a592-72bbc1331902\" href=\"https:\/\/jfreguesiavimeiro.pt\/wp-content\/uploads\/2022\/10\/ANEXO-DA-ATA-1-FICHA-INDIVIDUAL.pdf\">ANEXO-DA-ATA-1-FICHA-INDIVIDUAL<\/a><a href=\"https:\/\/jfreguesiavimeiro.pt\/wp-content\/uploads\/2022\/10\/ANEXO-DA-ATA-1-FICHA-INDIVIDUAL.pdf\" class=\"wp-block-file__button wp-element-button\" download aria-describedby=\"wp-block-file--media-6bff2070-a890-4bab-a592-72bbc1331902\">Baixar<\/a><\/div>\n\n\n\n<div class=\"wp-block-file\"><a id=\"wp-block-file--media-d44ac7b8-7242-4c79-a0a7-eea95cf5278d\" href=\"https:\/\/jfreguesiavimeiro.pt\/wp-content\/uploads\/2022\/10\/ANEXO-DA-ATA-1-PERFIL-DE-COMPETENCIAS.pdf\">ANEXO-DA-ATA-1-PERFIL-DE-COMPETENCIAS<\/a><a href=\"https:\/\/jfreguesiavimeiro.pt\/wp-content\/uploads\/2022\/10\/ANEXO-DA-ATA-1-PERFIL-DE-COMPETENCIAS.pdf\" class=\"wp-block-file__button wp-element-button\" download aria-describedby=\"wp-block-file--media-d44ac7b8-7242-4c79-a0a7-eea95cf5278d\">Baixar<\/a><\/div>\n\n\n\n<div class=\"wp-block-file\"><a id=\"wp-block-file--media-9372b126-b0b9-462c-a499-d7937c4ce447\" href=\"https:\/\/jfreguesiavimeiro.pt\/wp-content\/uploads\/2022\/10\/ATA-JURI-2.pdf\">ATA-JURI-2<\/a><a href=\"https:\/\/jfreguesiavimeiro.pt\/wp-content\/uploads\/2022\/10\/ATA-JURI-2.pdf\" class=\"wp-block-file__button wp-element-button\" download aria-describedby=\"wp-block-file--media-9372b126-b0b9-462c-a499-d7937c4ce447\">Baixar<\/a><\/div>\n\n\n\n<div class=\"wp-block-file\"><a id=\"wp-block-file--media-b3fbab2c-a1d2-440f-8241-823d064e4c49\" href=\"https:\/\/jfreguesiavimeiro.pt\/wp-content\/uploads\/2022\/10\/AVISO-DE-ABERTURA-BEP.pdf\">AVISO-DE-ABERTURA-BEP<\/a><a href=\"https:\/\/jfreguesiavimeiro.pt\/wp-content\/uploads\/2022\/10\/AVISO-DE-ABERTURA-BEP.pdf\" class=\"wp-block-file__button wp-element-button\" download aria-describedby=\"wp-block-file--media-b3fbab2c-a1d2-440f-8241-823d064e4c49\">Baixar<\/a><\/div>\n\n\n\n<div class=\"wp-block-file\"><a id=\"wp-block-file--media-fc8ab708-0369-4b0b-8ba0-9219c7c44056\" href=\"https:\/\/jfreguesiavimeiro.pt\/wp-content\/uploads\/2022\/10\/AVISO-DE-ABERTURA-DR.pdf\">AVISO-DE-ABERTURA-DR<\/a><a href=\"https:\/\/jfreguesiavimeiro.pt\/wp-content\/uploads\/2022\/10\/AVISO-DE-ABERTURA-DR.pdf\" class=\"wp-block-file__button wp-element-button\" download aria-describedby=\"wp-block-file--media-fc8ab708-0369-4b0b-8ba0-9219c7c44056\">Baixar<\/a><\/div>\n\n\n\n<div class=\"wp-block-file\"><a id=\"wp-block-file--media-f802fcb9-85dc-4c94-bb03-f35cf2b0584b\" href=\"https:\/\/jfreguesiavimeiro.pt\/wp-content\/uploads\/2022\/10\/ATA-DE-JURI-1.pdf\">ATA-DE-JURI-1<\/a><a href=\"https:\/\/jfreguesiavimeiro.pt\/wp-content\/uploads\/2022\/10\/ATA-DE-JURI-1.pdf\" class=\"wp-block-file__button wp-element-button\" download aria-describedby=\"wp-block-file--media-f802fcb9-85dc-4c94-bb03-f35cf2b0584b\">Baixar<\/a><\/div>\n\n\n\n<div class=\"wp-block-file\"><a id=\"wp-block-file--media-ce3bf95f-0ccb-43dc-9cb3-2fb1fe11d04a\" href=\"https:\/\/jfreguesiavimeiro.pt\/wp-content\/uploads\/2022\/10\/FORMULARIO-1.docx\">FORMULARIO<\/a><a href=\"https:\/\/jfreguesiavimeiro.pt\/wp-content\/uploads\/2022\/10\/FORMULARIO-1.docx\" class=\"wp-block-file__button wp-element-button\" download aria-describedby=\"wp-block-file--media-ce3bf95f-0ccb-43dc-9cb3-2fb1fe11d04a\">Baixar<\/a><\/div>\n\n\n\n<hr class=\"wp-block-separator has-alpha-channel-opacity\"\/>\n","protected":false},"excerpt":{"rendered":"<p>Editais Relat\u00f3rio de contas do ano 2024 da Junta Freguesia do\u00a0Vimeiro Relat\u00f3rio de contas do ano 2024 da Junta Freguesia do Vimeiro Concursos Pessoal &#8211; Procedimento Concursal 30 Setembro 2025 Procedimentos concursais comuns para ocupa\u00e7\u00e3o de 1 posto de trabalho, previsto e n\u00e3o ocupados no Mapa de Pessoal da Freguesia de Vimeiro na modalidade de [&hellip;]<\/p>\n","protected":false},"author":2,"featured_media":0,"parent":0,"menu_order":0,"comment_status":"closed","ping_status":"closed","template":"","meta":{"footnotes":""},"class_list":["post-27","page","type-page","status-publish","hentry"],"_links":{"self":[{"href":"https:\/\/jfreguesiavimeiro.pt\/index.php?rest_route=\/wp\/v2\/pages\/27","targetHints":{"allow":["GET"]}}],"collection":[{"href":"https:\/\/jfreguesiavimeiro.pt\/index.php?rest_route=\/wp\/v2\/pages"}],"about":[{"href":"https:\/\/jfreguesiavimeiro.pt\/index.php?rest_route=\/wp\/v2\/types\/page"}],"author":[{"embeddable":true,"href":"https:\/\/jfreguesiavimeiro.pt\/index.php?rest_route=\/wp\/v2\/users\/2"}],"replies":[{"embeddable":true,"href":"https:\/\/jfreguesiavimeiro.pt\/index.php?rest_route=%2Fwp%2Fv2%2Fcomments&post=27"}],"version-history":[{"count":43,"href":"https:\/\/jfreguesiavimeiro.pt\/index.php?rest_route=\/wp\/v2\/pages\/27\/revisions"}],"predecessor-version":[{"id":507,"href":"https:\/\/jfreguesiavimeiro.pt\/index.php?rest_route=\/wp\/v2\/pages\/27\/revisions\/507"}],"wp:attachment":[{"href":"https:\/\/jfreguesiavimeiro.pt\/index.php?rest_route=%2Fwp%2Fv2%2Fmedia&parent=27"}],"curies":[{"name":"wp","href":"https:\/\/api.w.org\/{rel}","templated":true}]}}