{"id":186,"date":"2022-07-02T17:40:45","date_gmt":"2022-07-02T20:40:45","guid":{"rendered":"https:\/\/jfreguesiavimeiro.pt\/?page_id=186"},"modified":"2022-07-02T17:56:49","modified_gmt":"2022-07-02T20:56:49","slug":"servicos","status":"publish","type":"page","link":"https:\/\/jfreguesiavimeiro.pt\/?page_id=186","title":{"rendered":"Servi\u00e7os"},"content":{"rendered":"\n<h2 class=\"has-text-align-center wp-block-heading\">Junta<\/h2>\n\n\n\n<hr class=\"wp-block-separator has-alpha-channel-opacity\"\/>\n\n\n\n<div class=\"wp-block-columns is-layout-flex wp-container-core-columns-is-layout-9d6595d7 wp-block-columns-is-layout-flex\">\n<div class=\"wp-block-column is-layout-flow wp-block-column-is-layout-flow\">\n<ul class=\"wp-block-list\"><li>Emiss\u00e3o de&nbsp; atestados \/ declara\u00e7\u00f5es \/ certid\u00f5es;<\/li><li>Registo e licenciamento de Can\u00eddeos;<\/li><li>Certifica\u00e7\u00e3o de Fotoc\u00f3pias;<\/li><li>Envio e rece\u00e7\u00e3o de Emails;<\/li><li>Digitaliza\u00e7\u00e3o de documentos;<\/li><li>Plastifica\u00e7\u00e3o de documentos;<\/li><li>Venda de elementos her\u00e1ldicos;<\/li><li>Fotoc\u00f3pias: Preto e branco e a cores (A4 e A3);<\/li><li>Impress\u00f5es: Preto e branco e a cores (A4 e A3);<\/li><li>Concess\u00e3o de covais \/ oss\u00e1rios do cemit\u00e9rio;<\/li><li>Servi\u00e7os cemiteriais (inuma\u00e7\u00f5es; prepara\u00e7\u00e3o de ossadas; traslada\u00e7\u00f5es);<\/li><li>Servi\u00e7o de apoio \u00e0 realiza\u00e7\u00e3o de queimas e queimadas.<\/li><\/ul>\n<\/div>\n<\/div>\n\n\n\n<h2 class=\"has-text-align-center wp-block-heading\">Espa\u00e7o do Cidad\u00e3o<\/h2>\n\n\n\n<hr class=\"wp-block-separator has-alpha-channel-opacity\"\/>\n\n\n\n<div class=\"wp-block-columns is-layout-flex wp-container-core-columns-is-layout-9d6595d7 wp-block-columns-is-layout-flex\">\n<div class=\"wp-block-column is-layout-flow wp-block-column-is-layout-flow\">\n<ul class=\"wp-block-list\"><li>Renova\u00e7\u00e3o de cart\u00f5es de cidad\u00e3o para cidad\u00e3os com idade igual ou superior a 25 anos (mantendo assinatura e fotografia);<\/li><li>Altera\u00e7\u00e3o de dados do cart\u00e3o de cidad\u00e3o (morada e contactos):<\/li><li>Revalida\u00e7\u00e3o \/ substitui\u00e7\u00e3o de cartas de condu\u00e7\u00e3o;<\/li><li>Pedido de Chave M\u00f3vel Digital;<\/li><li>Obten\u00e7\u00e3o de certificado digital de vacina\u00e7\u00e3o da COVID-19.<\/li><\/ul>\n<\/div>\n<\/div>\n","protected":false},"excerpt":{"rendered":"<p>Junta Emiss\u00e3o de&nbsp; atestados \/ declara\u00e7\u00f5es \/ certid\u00f5es; Registo e licenciamento de Can\u00eddeos; Certifica\u00e7\u00e3o de Fotoc\u00f3pias; Envio e rece\u00e7\u00e3o de Emails; Digitaliza\u00e7\u00e3o de documentos; Plastifica\u00e7\u00e3o de documentos; Venda de elementos her\u00e1ldicos; Fotoc\u00f3pias: Preto e branco e a cores (A4 e A3); Impress\u00f5es: Preto e branco e a cores (A4 e A3); Concess\u00e3o de covais \/ [&hellip;]<\/p>\n","protected":false},"author":2,"featured_media":0,"parent":0,"menu_order":0,"comment_status":"closed","ping_status":"closed","template":"","meta":{"footnotes":""},"class_list":["post-186","page","type-page","status-publish","hentry"],"_links":{"self":[{"href":"https:\/\/jfreguesiavimeiro.pt\/index.php?rest_route=\/wp\/v2\/pages\/186","targetHints":{"allow":["GET"]}}],"collection":[{"href":"https:\/\/jfreguesiavimeiro.pt\/index.php?rest_route=\/wp\/v2\/pages"}],"about":[{"href":"https:\/\/jfreguesiavimeiro.pt\/index.php?rest_route=\/wp\/v2\/types\/page"}],"author":[{"embeddable":true,"href":"https:\/\/jfreguesiavimeiro.pt\/index.php?rest_route=\/wp\/v2\/users\/2"}],"replies":[{"embeddable":true,"href":"https:\/\/jfreguesiavimeiro.pt\/index.php?rest_route=%2Fwp%2Fv2%2Fcomments&post=186"}],"version-history":[{"count":7,"href":"https:\/\/jfreguesiavimeiro.pt\/index.php?rest_route=\/wp\/v2\/pages\/186\/revisions"}],"predecessor-version":[{"id":210,"href":"https:\/\/jfreguesiavimeiro.pt\/index.php?rest_route=\/wp\/v2\/pages\/186\/revisions\/210"}],"wp:attachment":[{"href":"https:\/\/jfreguesiavimeiro.pt\/index.php?rest_route=%2Fwp%2Fv2%2Fmedia&parent=186"}],"curies":[{"name":"wp","href":"https:\/\/api.w.org\/{rel}","templated":true}]}}