{"id":135,"date":"2022-07-02T16:56:11","date_gmt":"2022-07-02T19:56:11","guid":{"rendered":"https:\/\/jfreguesiavimeiro.pt\/?page_id=135"},"modified":"2023-10-19T10:34:42","modified_gmt":"2023-10-19T09:34:42","slug":"contactos","status":"publish","type":"page","link":"https:\/\/jfreguesiavimeiro.pt\/?page_id=135","title":{"rendered":"Contactos"},"content":{"rendered":"\n<h2 class=\"has-text-align-center wp-block-heading\">Contactos<\/h2>\n\n\n\n<hr class=\"wp-block-separator has-alpha-channel-opacity\"\/>\n\n\n\n<div class=\"wp-block-columns is-layout-flex wp-container-core-columns-is-layout-9d6595d7 wp-block-columns-is-layout-flex\">\n<div class=\"wp-block-column is-layout-flow wp-block-column-is-layout-flow\">\n<p class=\"has-text-align-center\"><strong>Morada<\/strong><\/p>\n\n\n\n<p class=\"has-text-align-center\">Rua Principal, n\u00ba. 67 &#8211; Vimeiro<br>2460 &#8211; 781 Vimeiro Alcoba\u00e7a<\/p>\n\n\n\n<p class=\"has-text-align-center\"><strong>Contactos<\/strong><\/p>\n\n\n\n<p class=\"has-text-align-center\"><a href=\"tel:262910598\">262 910 598<\/a>&nbsp;|&nbsp;<a href=\"tel:913824536\">913 824 536<\/a><\/p>\n\n\n\n<p class=\"has-text-align-center\">Chamada para a rede fixa nacional | Chamada para a rede m\u00f3vel nacional<br><a href=\"mailto:geral@jfreguesiavimeiro.pt\" data-type=\"mailto\" data-id=\"mailto:geral@jfreguesiavimeiro.pt\">geral@jfreguesiavimeiro.pt<\/a><\/p>\n\n\n\n<p class=\"has-text-align-center\"><strong>Hor\u00e1rio Funcionamento<\/strong><\/p>\n\n\n\n<p class=\"has-text-align-center\">9h30 &#8211; 13h30<br>14h30 &#8211; 18h00<\/p>\n<\/div>\n\n\n\n<div class=\"wp-block-column is-layout-flow wp-block-column-is-layout-flow\">\n<iframe src=\"https:\/\/www.google.com\/maps\/embed?pb=!1m18!1m12!1m3!1d3079.765800701106!2d-9.018651284266078!3d39.47461927948573!2m3!1f0!2f0!3f0!3m2!1i1024!2i768!4f13.1!3m3!1m2!1s0xd18aff9a7cf5a91%3A0x30c898ba66453008!2sR.%20Principal%2067%2C%20Vimeiro!5e0!3m2!1spt-PT!2spt!4v1656792133515!5m2!1spt-PT!2spt\" width=\"600\" height=\"450\" style=\"border:0;\" allowfullscreen=\"\" loading=\"lazy\" referrerpolicy=\"no-referrer-when-downgrade\"><\/iframe>\n<\/div>\n<\/div>\n\n\n\n<h2 class=\"has-text-align-center wp-block-heading\">Fale connosco<\/h2>\n\n\n\n<hr class=\"wp-block-separator has-alpha-channel-opacity\"\/>\n\n\n\n<div class=\"wpcf7 no-js\" id=\"wpcf7-f280-o1\" lang=\"pt-BR\" dir=\"ltr\" data-wpcf7-id=\"280\">\n<div class=\"screen-reader-response\"><p role=\"status\" aria-live=\"polite\" aria-atomic=\"true\"><\/p> <ul><\/ul><\/div>\n<form action=\"\/index.php?rest_route=%2Fwp%2Fv2%2Fpages%2F135#wpcf7-f280-o1\" method=\"post\" class=\"wpcf7-form init\" aria-label=\"Formul\u00e1rios de contato\" novalidate=\"novalidate\" data-status=\"init\">\n<fieldset class=\"hidden-fields-container\"><input type=\"hidden\" name=\"_wpcf7\" value=\"280\" \/><input type=\"hidden\" name=\"_wpcf7_version\" value=\"6.1.5\" \/><input type=\"hidden\" name=\"_wpcf7_locale\" value=\"pt_BR\" \/><input type=\"hidden\" name=\"_wpcf7_unit_tag\" value=\"wpcf7-f280-o1\" \/><input type=\"hidden\" name=\"_wpcf7_container_post\" value=\"0\" \/><input type=\"hidden\" name=\"_wpcf7_posted_data_hash\" value=\"\" \/><input type=\"hidden\" name=\"_wpcf7_recaptcha_response\" value=\"\" \/>\n<\/fieldset>\n<p><label> Nome<br \/>\n<span class=\"wpcf7-form-control-wrap\" data-name=\"your-name\"><input size=\"40\" maxlength=\"400\" class=\"wpcf7-form-control wpcf7-text wpcf7-validates-as-required\" aria-required=\"true\" aria-invalid=\"false\" value=\"\" type=\"text\" name=\"your-name\" \/><\/span> <\/label>\n<\/p>\n<p><label> Endere\u00e7o Eletr\u00f3nico<br \/>\n<span class=\"wpcf7-form-control-wrap\" data-name=\"your-email\"><input size=\"40\" maxlength=\"400\" class=\"wpcf7-form-control wpcf7-email wpcf7-validates-as-required wpcf7-text wpcf7-validates-as-email\" aria-required=\"true\" aria-invalid=\"false\" value=\"\" type=\"email\" name=\"your-email\" \/><\/span> <\/label>\n<\/p>\n<p><label> Assunto<br \/>\n<span class=\"wpcf7-form-control-wrap\" data-name=\"your-subject\"><input size=\"40\" maxlength=\"400\" class=\"wpcf7-form-control wpcf7-text wpcf7-validates-as-required\" aria-required=\"true\" aria-invalid=\"false\" value=\"\" type=\"text\" name=\"your-subject\" \/><\/span> <\/label>\n<\/p>\n<p><label> Mensagem<br \/>\n<span class=\"wpcf7-form-control-wrap\" data-name=\"your-message\"><textarea cols=\"40\" rows=\"10\" maxlength=\"2000\" class=\"wpcf7-form-control wpcf7-textarea\" aria-invalid=\"false\" name=\"your-message\"><\/textarea><\/span> <\/label>\n<\/p>\n<p><span class=\"wpcf7-form-control-wrap\" data-name=\"accept-this\"><span class=\"wpcf7-form-control wpcf7-acceptance\"><span class=\"wpcf7-list-item\"><label><input type=\"checkbox\" name=\"accept-this\" value=\"1\" aria-invalid=\"false\" \/><span class=\"wpcf7-list-item-label\">Declaro que aceito a <a href='\/?page_id=286' target=\"_blank\">Pol\u00edtica de Privacidade<\/a> apresentada*<\/span><\/label><\/span><\/span><\/span>\n<\/p>\n<p><input class=\"wpcf7-form-control wpcf7-submit has-spinner\" type=\"submit\" value=\"Enviar\" \/>\n<\/p><div class=\"wpcf7-response-output\" aria-hidden=\"true\"><\/div>\n<\/form>\n<\/div>\n\n\n\n\n<div class=\"wp-block-columns is-layout-flex wp-container-core-columns-is-layout-9d6595d7 wp-block-columns-is-layout-flex\">\n<div class=\"wp-block-column is-layout-flow wp-block-column-is-layout-flow\"><\/div>\n<\/div>\n","protected":false},"excerpt":{"rendered":"<p>Contactos Morada Rua Principal, n\u00ba. 67 &#8211; Vimeiro2460 &#8211; 781 Vimeiro Alcoba\u00e7a Contactos 262 910 598&nbsp;|&nbsp;913 824 536 Chamada para a rede fixa nacional | Chamada para a rede m\u00f3vel nacionalgeral@jfreguesiavimeiro.pt Hor\u00e1rio Funcionamento 9h30 &#8211; 13h3014h30 &#8211; 18h00 Fale connosco<\/p>\n","protected":false},"author":2,"featured_media":0,"parent":0,"menu_order":0,"comment_status":"closed","ping_status":"closed","template":"","meta":{"footnotes":""},"class_list":["post-135","page","type-page","status-publish","hentry"],"_links":{"self":[{"href":"https:\/\/jfreguesiavimeiro.pt\/index.php?rest_route=\/wp\/v2\/pages\/135","targetHints":{"allow":["GET"]}}],"collection":[{"href":"https:\/\/jfreguesiavimeiro.pt\/index.php?rest_route=\/wp\/v2\/pages"}],"about":[{"href":"https:\/\/jfreguesiavimeiro.pt\/index.php?rest_route=\/wp\/v2\/types\/page"}],"author":[{"embeddable":true,"href":"https:\/\/jfreguesiavimeiro.pt\/index.php?rest_route=\/wp\/v2\/users\/2"}],"replies":[{"embeddable":true,"href":"https:\/\/jfreguesiavimeiro.pt\/index.php?rest_route=%2Fwp%2Fv2%2Fcomments&post=135"}],"version-history":[{"count":12,"href":"https:\/\/jfreguesiavimeiro.pt\/index.php?rest_route=\/wp\/v2\/pages\/135\/revisions"}],"predecessor-version":[{"id":475,"href":"https:\/\/jfreguesiavimeiro.pt\/index.php?rest_route=\/wp\/v2\/pages\/135\/revisions\/475"}],"wp:attachment":[{"href":"https:\/\/jfreguesiavimeiro.pt\/index.php?rest_route=%2Fwp%2Fv2%2Fmedia&parent=135"}],"curies":[{"name":"wp","href":"https:\/\/api.w.org\/{rel}","templated":true}]}}